{"id":4939,"date":"2018-10-17T15:53:31","date_gmt":"2018-10-17T15:53:31","guid":{"rendered":"https:\/\/www.fpapaulofreirealmenara.com\/aviso-legal\/"},"modified":"2024-07-30T11:28:14","modified_gmt":"2024-07-30T11:28:14","slug":"avis-legal","status":"publish","type":"page","link":"https:\/\/www.fpapaulofreirealmenara.com\/es\/avis-legal\/","title":{"rendered":"AV\u00cdS LEGAL"},"content":{"rendered":"<div data-elementor-type=\"wp-post\" data-elementor-id=\"4939\" class=\"elementor elementor-4939\">\n\t\t\t\t\t\t<section class=\"elementor-section elementor-top-section elementor-element elementor-element-3b825877 elementor-section-stretched elementor-section-full_width elementor-section-height-default elementor-section-height-default\" data-id=\"3b825877\" data-element_type=\"section\" data-e-type=\"section\" data-settings=\"{&quot;stretch_section&quot;:&quot;section-stretched&quot;}\">\n\t\t\t\t\t\t<div class=\"elementor-container elementor-column-gap-default\">\n\t\t\t\t\t<div class=\"elementor-column elementor-col-100 elementor-top-column elementor-element elementor-element-290e1a09\" data-id=\"290e1a09\" data-element_type=\"column\" data-e-type=\"column\">\n\t\t\t<div class=\"elementor-widget-wrap elementor-element-populated\">\n\t\t\t\t\t\t<div class=\"elementor-element elementor-element-188228a0 elementor-invisible elementor-widget elementor-widget-heading\" data-id=\"188228a0\" data-element_type=\"widget\" data-e-type=\"widget\" data-settings=\"{&quot;_animation&quot;:&quot;zoomIn&quot;}\" data-widget_type=\"heading.default\">\n\t\t\t\t<div class=\"elementor-widget-container\">\n\t\t\t\t\t<h4 class=\"elementor-heading-title elementor-size-default\">LLEI DELS SERVICIS DE LA SOCIETAT DE LA INFORMACI\u00d3 (LSSI)<\/h4>\t\t\t\t<\/div>\n\t\t\t\t<\/div>\n\t\t\t\t\t<\/div>\n\t\t<\/div>\n\t\t\t\t\t<\/div>\n\t\t<\/section>\n\t\t\t\t<section class=\"elementor-section elementor-top-section elementor-element elementor-element-3c4f5ce6 elementor-section-boxed elementor-section-height-default elementor-section-height-default\" data-id=\"3c4f5ce6\" data-element_type=\"section\" data-e-type=\"section\">\n\t\t\t\t\t\t<div class=\"elementor-container elementor-column-gap-default\">\n\t\t\t\t\t<div class=\"elementor-column elementor-col-100 elementor-top-column elementor-element elementor-element-489c4256\" data-id=\"489c4256\" data-element_type=\"column\" data-e-type=\"column\">\n\t\t\t<div class=\"elementor-widget-wrap elementor-element-populated\">\n\t\t\t\t\t\t<div class=\"elementor-element elementor-element-83c1b0d elementor-widget elementor-widget-text-editor\" data-id=\"83c1b0d\" data-element_type=\"widget\" data-e-type=\"widget\" data-widget_type=\"text-editor.default\">\n\t\t\t\t<div class=\"elementor-widget-container\">\n\t\t\t\t\t\t\t\t\t<p>CONSENTIMENT PER AL TRACTAMENT DE DADES PERSONALS<br \/>*ASSOCIACIO D&#8217;*ALUMNES PAULO FREIRE ALMENARA \u00e9s el Responsable del tractament<br \/>de les dades personals de l&#8217;Usuari i l&#8217;informa que estes dades es<br \/>tractaran de conformitat amb el que es disposa en el Reglament (UE) 2016\/679, de 27 d&#8217;abril<br \/>(*GDPR), i la Llei org\u00e0nica 3\/2018, de 5 de desembre (*LOPDGDD), per la qual cosa se li facilita<br \/>la seg\u00fcent informaci\u00f3 del tractament:<br \/>Fins i legitimaci\u00f3 del tractament: mantindre una relaci\u00f3 comercial (per inter\u00e9s<br \/>leg\u00edtim del responsable, art. 6.1.f *GDPR) i enviament de comunicacions de productes o<br \/>servicis (amb el consentiment de l&#8217;interessat, art. 6.1.a *GDPR).<br \/>Criteris de conservaci\u00f3 de les dades: es conservaran durant no m\u00e9s temps del necessari<br \/>per a mantindre la fi del tractament o existisquen prescripcions legals que<br \/>dictaminen la seua cust\u00f2dia i quan ja no siga necessari per a aix\u00f2, se suprimiran amb mesures<br \/>de seguretat adequades per a garantir l&#8217;anonimitzaci\u00f3 de les dades o la destrucci\u00f3<br \/>total d&#8217;estos.<br \/>Comunicaci\u00f3 de les dades: no es comunicaran les dades a tercers, excepte obligaci\u00f3<br \/>legal.<br \/>Drets que assistixen a l&#8217;Usuari:<br \/>&#8211; Dret a retirar el consentiment en qualsevol moment.<br \/>&#8211; Dret d&#8217;acc\u00e9s, rectificaci\u00f3, portabilitat i supressi\u00f3 de les seues dades, i de limitaci\u00f3 o<br \/>oposici\u00f3 al seu tractament.<br \/>&#8211; Dret a presentar una reclamaci\u00f3 davant l&#8217;Autoritat de control (www.aepd.es) si<br \/>considera que el tractament no s&#8217;ajusta a la normativa vigent.<br \/>Dades de contacte per a exercir els seus drets:<br \/>*ASSOCIACIO D&#8217;*ALUMNES PAULO FREIRE ALMENARA. *CL. MAJOR, 103 &#8211; 12590 ALMENARA<br \/>(Castell\u00f3). E-mail: fpapaulofreire@gmail.com<br \/>Per a continuar ha d&#8217;acceptar que ha llegit i est\u00e0 conforme amb la cl\u00e0usula anterior.<br \/>[ ] ACCEPTAR<\/p>\t\t\t\t\t\t\t\t<\/div>\n\t\t\t\t<\/div>\n\t\t\t\t<div class=\"elementor-element elementor-element-3ac0623 elementor-widget elementor-widget-text-editor\" data-id=\"3ac0623\" data-element_type=\"widget\" data-e-type=\"widget\" data-widget_type=\"text-editor.default\">\n\t\t\t\t<div class=\"elementor-widget-container\">\n\t\t\t\t\t\t\t\t\t<p><strong>1. DADES IDENTIFICATIVES<\/strong> <br \/>Nom de domini: https:\/\/www.fpapaulofreirealmenara.com\/ <br \/>Nom comercial: ASSOCIACIO D`ALUMNES PAULO FREIRE ALMENARA<br \/>Denominaci\u00f3 social: ASSOCIACIO D`ALUMNES PAULO FREIRE ALMENARA<br \/>NIF: G12568440 <br \/>Domicili social: CARRER MAJOR 103 , 12590 ALMENARA (CASTELL\u00d3) <br \/>Tel\u00e8fon: 616916127 <br \/>Email: info@fpapaulofreirealmenara.com <br \/>Inscrita en el Registre (Mercantil \/ P\u00fablic) :<\/p>\t\t\t\t\t\t\t\t<\/div>\n\t\t\t\t<\/div>\n\t\t\t\t<div class=\"elementor-element elementor-element-c3f5566 elementor-widget elementor-widget-text-editor\" data-id=\"c3f5566\" data-element_type=\"widget\" data-e-type=\"widget\" data-widget_type=\"text-editor.default\">\n\t\t\t\t<div class=\"elementor-widget-container\">\n\t\t\t\t\t\t\t\t\t<p><strong>2. DRETS DE PROPIETAT INTEL\u00b7LECTUAL I INDUSTRIAL<\/strong><\/p><p>El lloc web, incloent a t\u00edtol enunciatiu per\u00f2 no limitador la seua programaci\u00f3, edici\u00f3, compilaci\u00f3 i la resta d&#8217;elements necessaris per al seu funcionament, els dissenys, logotips, text y\/o gr\u00e0fics, s\u00f3n propietat del RESPONSABLE o, si \u00e9s el cas, disposa de llic\u00e8ncia o autoritzaci\u00f3 expressa per part dels autors. Tots els continguts del lloc web es troben degudament protegits per la normativa de propietat intel\u00b7lectual i industrial, aix\u00ed com inscrits en els registres p\u00fablics corresponents.<\/p>\t\t\t\t\t\t\t\t<\/div>\n\t\t\t\t<\/div>\n\t\t\t\t<div class=\"elementor-element elementor-element-4e537f2 elementor-widget elementor-widget-text-editor\" data-id=\"4e537f2\" data-element_type=\"widget\" data-e-type=\"widget\" data-widget_type=\"text-editor.default\">\n\t\t\t\t<div class=\"elementor-widget-container\">\n\t\t\t\t\t\t\t\t\t<p>Independentment de la finalitat per a la que foren destinats, la reproducci\u00f3 total o parcial, \u00fas, explotaci\u00f3, distribuci\u00f3 i comercialitzaci\u00f3, requerix en tot cas de l&#8217;autoritzaci\u00f3 escrita pr\u00e8via per part del RESPONSABLE. Qualsevol \u00fas no autoritzat pr\u00e8viament es considera un incompliment greu dels drets de propietat intel\u00b7lectual o industrial de l&#8217;autor. Els dissenys, logotips, text y\/o gr\u00e0fics aliens al RESPONSABLE i que pogueren apar\u00e9ixer en el lloc web, pertanyen als seus respectius propietaris, sent ells mateixos responsables de qualsevol possible controv\u00e8rsia que poguera suscitar-se respecte als mateixos. El RESPONSABLE autoritza expressament que tercers puguen redirigir directament als continguts concrets del lloc web, i en tot cas redirigir al lloc web principal de https:\/\/www.fpapaulofreirealmenara.com\/. El RESPONSABLE reconeix a favor dels seus titulars els corresponents drets de propietat intel\u00b7lectual i industrial, no implicant la seua sola menci\u00f3 o aparici\u00f3 en el lloc web l&#8217;exist\u00e8ncia de drets o cap responsabilitat sobre els mateixos, com tampoc respatler, patrocini o recomanaci\u00f3 per part del mateix. Per a realitzar qualsevol tipus d&#8217;observaci\u00f3 respecte a possibles incompliments dels drets de propietat intel\u00b7lectual o industrial, aix\u00ed com sobre qualsevol dels continguts del lloc web, pot fer-ho a trav\u00e9s del correu electr\u00f2nic info@fpapaulofreirealmenara.com<\/p>\t\t\t\t\t\t\t\t<\/div>\n\t\t\t\t<\/div>\n\t\t\t\t<div class=\"elementor-element elementor-element-d4c645f elementor-widget elementor-widget-text-editor\" data-id=\"d4c645f\" data-element_type=\"widget\" data-e-type=\"widget\" data-widget_type=\"text-editor.default\">\n\t\t\t\t<div class=\"elementor-widget-container\">\n\t\t\t\t\t\t\t\t\t<p><strong>3. EXEMPCI\u00d3 DE RESPONSABILITATS<\/strong><\/p><p>El RESPONSABLE s&#8217;eximix de qualsevol tipus de responsabilitat derivada de la informaci\u00f3 publicada en el seu lloc web sempre que esta informaci\u00f3 haja sigut manipulada o introdu\u00efda per un tercer ali\u00e9 al mateix.<\/p>\t\t\t\t\t\t\t\t<\/div>\n\t\t\t\t<\/div>\n\t\t\t\t<div class=\"elementor-element elementor-element-4fb1515 elementor-widget elementor-widget-text-editor\" data-id=\"4fb1515\" data-element_type=\"widget\" data-e-type=\"widget\" data-widget_type=\"text-editor.default\">\n\t\t\t\t<div class=\"elementor-widget-container\">\n\t\t\t\t\t\t\t\t\t<p><strong>\u00das de Cookies<\/strong><\/p><p>Este lloc web pot utilitzar cookies t\u00e8cniques (xicotets arxius d&#8217;informaci\u00f3 que el servidor envia a l&#8217;ordinador de qui accedix a la p\u00e0gina) per a dur a terme determinades funcions que s\u00f3n considerades imprescindibles per al funcionament correcte i visualitzaci\u00f3 del lloc. Les cookies utilitzades tenen, en tot cas, car\u00e0cter temporal, amb l&#8217;\u00fanica finalitat de fer m\u00e9s efica\u00e7 la navegaci\u00f3, i desapareixen a l&#8217;acabar la sessi\u00f3 de l&#8217;usuari. En cap cas, estes cookies proporcionen per si mateixes dades de car\u00e0cter personal i no s&#8217;utilitzaran per a l&#8217;arreplega dels mateixos. Per mitj\u00e0 de l&#8217;\u00fas de cookies tamb\u00e9 \u00e9s possible que el servidor on es troba la web reconega el navegador utilitzat per l&#8217;usuari amb la finalitat que la navegaci\u00f3 siga m\u00e9s senzilla, permetent, per exemple, l&#8217;acc\u00e9s dels usuaris que s&#8217;hagen registrat pr\u00e8viament a les \u00e0rees, servicis, promocions o concursos reservats exclusivament a ells sense haver de registrar-se en cada visita. Tamb\u00e9 es poden utilitzar per a mesurar l&#8217;audi\u00e8ncia, par\u00e0metres de tr\u00e0fic, controlar el progr\u00e9s i nombre d&#8217;entrades, etc, sent en estos casos cookies prescindibles t\u00e8cnicament per\u00f2 beneficioses per a l&#8217;usuari. Este lloc web no instal\u00b7lar\u00e0 cookies prescindibles sense el consentiment previ de l&#8217;usuari. L&#8217;usuari t\u00e9 la possibilitat de configurar el seu navegador per a ser alertat de la recepci\u00f3 de cookies i per a impedir la seua instal\u00b7laci\u00f3 en el seu equip. Per favor, consulte les instruccions del seu navegador per a ampliar esta informaci\u00f3.<\/p>\t\t\t\t\t\t\t\t<\/div>\n\t\t\t\t<\/div>\n\t\t\t\t<div class=\"elementor-element elementor-element-151f1ab elementor-widget elementor-widget-text-editor\" data-id=\"151f1ab\" data-element_type=\"widget\" data-e-type=\"widget\" data-widget_type=\"text-editor.default\">\n\t\t\t\t<div class=\"elementor-widget-container\">\n\t\t\t\t\t\t\t\t\t<p><strong>Pol\u00edtica d&#8217;enlla\u00e7os<\/strong> desde el lloc web, \u00e9s possible que es redirigisca a continguts de tercers llocs web. At\u00e9s que el RESPONSABLE no pot controlar sempre els continguts introdu\u00efts pels tercers en els seus respectius llocs web, no assumix cap tipus de responsabilitat respecte a dites continguts. En tot cas, procedir\u00e0 a la retirada immediata de qualsevol contingut que poguera contravindre la legislaci\u00f3 nacional o internacional, la moral o l&#8217;orde p\u00fablic, procedint a la retirada immediata de la redirecci\u00f3 al dit lloc web, informant de les autoritats competents el contingut en q\u00fcesti\u00f3.<\/p>\t\t\t\t\t\t\t\t<\/div>\n\t\t\t\t<\/div>\n\t\t\t\t<div class=\"elementor-element elementor-element-258ce11 elementor-widget elementor-widget-text-editor\" data-id=\"258ce11\" data-element_type=\"widget\" data-e-type=\"widget\" data-widget_type=\"text-editor.default\">\n\t\t\t\t<div class=\"elementor-widget-container\">\n\t\t\t\t\t\t\t\t\t<p>El RESPONSABLE no es fa responsable de la informaci\u00f3 i continguts emmagatzemats, a t\u00edtol enunciatiu per\u00f2 no limitador, en f\u00f2rums, xats, generadors de blogs, comentaris, xarxes socials o qualsevol altre mitj\u00e0 que permeta a tercers publicar continguts de forma independent en la p\u00e0gina web del RESPONSABLE. No obstant aix\u00f2, i en compliment del que disposen els articles 11 i 16 de la LSSICE, es posa a disposici\u00f3 de tots els usuaris, autoritats i forces de seguretat, col\u00b7laborant de forma activa en la retirada o, si \u00e9s el cas, bloqueig de tots aquells continguts que puguen afectar o contravindre la legislaci\u00f3 nacional o internacional, els drets de tercers o la moral i l&#8217;orde p\u00fablic. En el cas que l&#8217;usuari considere que existix en el lloc web algun contingut que poguera ser susceptible d&#8217;esta classificaci\u00f3, es prega ho notifique de forma immediata a l&#8217;administrador del lloc web. Este lloc web ha sigut revisat i provat perqu\u00e8 funcione correctament. En principi, pot garantir-se el funcionament correcte els 365 dies de l&#8217;any, 24 hores al dia. No obstant aix\u00f2, el RESPONSABLE no descarta la possibilitat que existisquen certs errors de programaci\u00f3, o que succe\u00efsquen causes de for\u00e7a major, cat\u00e0strofes naturals, sobres o circumst\u00e0ncies semblants que facen impossible l&#8217;acc\u00e9s a la p\u00e0gina web.<\/p>\t\t\t\t\t\t\t\t<\/div>\n\t\t\t\t<\/div>\n\t\t\t\t<div class=\"elementor-element elementor-element-6c21156 elementor-widget elementor-widget-text-editor\" data-id=\"6c21156\" data-element_type=\"widget\" data-e-type=\"widget\" data-widget_type=\"text-editor.default\">\n\t\t\t\t<div class=\"elementor-widget-container\">\n\t\t\t\t\t\t\t\t\t<p><strong>Direccions IP<\/strong><\/p><p>Els servidors del lloc web podran detectar de manera autom\u00e0tica la direcci\u00f3 IP i el nom de domini utilitzats per l&#8217;usuari. Una direcci\u00f3 IP \u00e9s un n\u00famero assignat autom\u00e0ticament a un ordinador quan este es connecta a Internet. Tota esta informaci\u00f3 \u00e9s registrada en un fitxer d&#8217;activitat del servidor degudament inscrit que permet el posterior processament de les dades a fi d&#8217;obtindre mesuraments \u00fanicament estad\u00edstiques que permeten con\u00e9ixer el nombre d&#8217;impressions de p\u00e0gines, el nombre de visites realitzades als servidors web, l&#8217;orde de visites, el punt d&#8217;acc\u00e9s, etc<\/p>\t\t\t\t\t\t\t\t<\/div>\n\t\t\t\t<\/div>\n\t\t\t\t<div class=\"elementor-element elementor-element-79097ce elementor-widget elementor-widget-text-editor\" data-id=\"79097ce\" data-element_type=\"widget\" data-e-type=\"widget\" data-widget_type=\"text-editor.default\">\n\t\t\t\t<div class=\"elementor-widget-container\">\n\t\t\t\t\t\t\t\t\t<p><strong>4. LLEI APLICABLE I JURISDICCI\u00d3<\/strong><\/p><p>Per a la resoluci\u00f3 de totes les controv\u00e8rsies o q\u00fcestions relacionades amb el present lloc web o de les activitats en ell desenrotllades, ser\u00e0 aplicable la legislaci\u00f3 espanyola, a la que se sotmeten expressament les parts, sent competents per a la resoluci\u00f3 de tots els conflictes derivats o relacionats amb el seu \u00fas els Jutjats i Tribunals m\u00e9s pr\u00f2xims a ALMENARA.<\/p>\t\t\t\t\t\t\t\t<\/div>\n\t\t\t\t<\/div>\n\t\t\t\t\t<\/div>\n\t\t<\/div>\n\t\t\t\t\t<\/div>\n\t\t<\/section>\n\t\t\t\t<\/div>","protected":false},"excerpt":{"rendered":"<p>LLEI DELS SERVICIS DE LA SOCIETAT DE LA INFORMACI\u00d3 (LSSI) CONSENTIMENT PER AL TRACTAMENT DE DADES PERSONALS*ASSOCIACIO D&#8217;*ALUMNES PAULO FREIRE ALMENARA \u00e9s el Responsable del tractamentde les dades personals de l&#8217;Usuari i l&#8217;informa que estes dades estractaran de conformitat amb el que es disposa en el Reglament (UE) 2016\/679, de 27 d&#8217;abril(*GDPR), i la Llei &hellip;<\/p>","protected":false},"author":1,"featured_media":4316,"parent":0,"menu_order":0,"comment_status":"closed","ping_status":"closed","template":"","meta":{"footnotes":""},"class_list":["post-4939","page","type-page","status-publish","has-post-thumbnail","hentry","has-thumb"],"_links":{"self":[{"href":"https:\/\/www.fpapaulofreirealmenara.com\/es\/wp-json\/wp\/v2\/pages\/4939","targetHints":{"allow":["GET"]}}],"collection":[{"href":"https:\/\/www.fpapaulofreirealmenara.com\/es\/wp-json\/wp\/v2\/pages"}],"about":[{"href":"https:\/\/www.fpapaulofreirealmenara.com\/es\/wp-json\/wp\/v2\/types\/page"}],"author":[{"embeddable":true,"href":"https:\/\/www.fpapaulofreirealmenara.com\/es\/wp-json\/wp\/v2\/users\/1"}],"replies":[{"embeddable":true,"href":"https:\/\/www.fpapaulofreirealmenara.com\/es\/wp-json\/wp\/v2\/comments?post=4939"}],"version-history":[{"count":0,"href":"https:\/\/www.fpapaulofreirealmenara.com\/es\/wp-json\/wp\/v2\/pages\/4939\/revisions"}],"wp:featuredmedia":[{"embeddable":true,"href":"https:\/\/www.fpapaulofreirealmenara.com\/es\/wp-json\/wp\/v2\/media\/4316"}],"wp:attachment":[{"href":"https:\/\/www.fpapaulofreirealmenara.com\/es\/wp-json\/wp\/v2\/media?parent=4939"}],"curies":[{"name":"wp","href":"https:\/\/api.w.org\/{rel}","templated":true}]}}